{"id":665,"date":"2020-07-06T19:36:46","date_gmt":"2020-07-06T17:36:46","guid":{"rendered":"http:\/\/www.inawohlgemuth.de\/WP-Villa-Altena\/?page_id=665"},"modified":"2022-02-16T00:30:42","modified_gmt":"2022-02-15T23:30:42","slug":"leistung-und-kosten","status":"publish","type":"page","link":"http:\/\/www.inawohlgemuth.de\/WP-Villa-Altena\/beispiel-seite\/leistung-und-kosten\/","title":{"rendered":"Coaching &#8211; Zeiten und Kosten"},"content":{"rendered":"<p><em><strong>Ihr Zeitaufwand:<\/strong><\/em>\u00a0Impulse zur Ver\u00e4nderungen ben\u00f6tigen unterschiedlich viel Zeit. <img loading=\"lazy\" decoding=\"async\" class=\"alignright wp-image-157\" src=\"http:\/\/www.inawohlgemuth.de\/WP-Villa-Altena\/wp-content\/uploads\/2019\/01\/gekauft-Fotolia_1210353_S-300x201.jpg\" alt=\"\" width=\"226\" height=\"155\" \/>Mancher Impuls bringt den Stein sofort ins Rollen, manchmal m\u00fcssen wir erst ausprobieren, was wir in Bewegung setzen wollen und ob die Richtung f\u00fcr Sie so stimmt. M\u00f6glicherweise ben\u00f6tigen Sie eine Ziel- und Richtungskorrektur. Auch hierbei kann Coaching eine wertvolle Hilfe sein.<\/p>\n<p>Coaching ist ein Prozess, f\u00fcr den ich erfahrungsgem\u00e4\u00df zwischen 2 und 10 Zeitstunden im Rahmen von einer bis f\u00fcnf Sitzungen ansetze. Besonders bei akuten Krisen und Konflikten, aber auch bei der Laufbahnberatung \u00a0kann eine einmalige 2-st\u00fcndige Sitzung v\u00f6llig ausreichen. Entwicklungscoaching wie z.B. bei der Begleitung einer neu ernannten F\u00fchrungskraft kann durchaus vier bis f\u00fcnf Sitzungen umfassen, da sich dieser Prozess \u00fcber einen l\u00e4ngeren Zeitraum erstreckt.<\/p>\n<p><img loading=\"lazy\" decoding=\"async\" class=\"alignright wp-image-683\" src=\"http:\/\/www.inawohlgemuth.de\/WP-Villa-Altena\/wp-content\/uploads\/2020\/07\/ibrahim-rifath-OApHds2yEGQ-unsplash-300x200.jpg\" alt=\"\" width=\"252\" height=\"172\" \/><\/p>\n<p><em><strong>Ihre Kosten<\/strong><\/em>:\u00a0Eine Zeitstunde f\u00fcr Privatpersonen kostet zwischen 120,00 \u20ac und 160,00 \u20ac netto wie brutto, da ich f\u00fcr diese Leistungen von der Umsatzsteuer befreit bin.<\/p>\n<p>Eine Zeitstunde f\u00fcr F\u00fchrungskr\u00e4fte, die von Organisationen beauftragt wird, kostet \u00a0kostet zwischen 160,00 \u20ac und 190,00 \u20ac netto wie brutto. Sollte ich ins Unternehmen anreisen m\u00fcssen, kommt mein \u00fcblicher Tagessatz anteilig zur Anregung.<\/p>\n<p>&nbsp;<\/p>\n<p>&nbsp;<\/p>\n","protected":false},"excerpt":{"rendered":"<p>Ihr Zeitaufwand:\u00a0Impulse zur Ver\u00e4nderungen ben\u00f6tigen unterschiedlich viel Zeit. Mancher Impuls bringt den Stein sofort ins Rollen, manchmal m\u00fcssen wir erst ausprobieren, was wir in Bewegung setzen wollen und ob die Richtung f\u00fcr Sie so stimmt. M\u00f6glicherweise ben\u00f6tigen Sie eine Ziel- &hellip; <a href=\"http:\/\/www.inawohlgemuth.de\/WP-Villa-Altena\/beispiel-seite\/leistung-und-kosten\/\">Weiterlesen <span class=\"meta-nav\">&rarr;<\/span><\/a><\/p>\n","protected":false},"author":1,"featured_media":1215,"parent":2,"menu_order":0,"comment_status":"closed","ping_status":"closed","template":"","meta":{"footnotes":""},"class_list":["post-665","page","type-page","status-publish","has-post-thumbnail","hentry"],"_links":{"self":[{"href":"http:\/\/www.inawohlgemuth.de\/WP-Villa-Altena\/wp-json\/wp\/v2\/pages\/665","targetHints":{"allow":["GET"]}}],"collection":[{"href":"http:\/\/www.inawohlgemuth.de\/WP-Villa-Altena\/wp-json\/wp\/v2\/pages"}],"about":[{"href":"http:\/\/www.inawohlgemuth.de\/WP-Villa-Altena\/wp-json\/wp\/v2\/types\/page"}],"author":[{"embeddable":true,"href":"http:\/\/www.inawohlgemuth.de\/WP-Villa-Altena\/wp-json\/wp\/v2\/users\/1"}],"replies":[{"embeddable":true,"href":"http:\/\/www.inawohlgemuth.de\/WP-Villa-Altena\/wp-json\/wp\/v2\/comments?post=665"}],"version-history":[{"count":10,"href":"http:\/\/www.inawohlgemuth.de\/WP-Villa-Altena\/wp-json\/wp\/v2\/pages\/665\/revisions"}],"predecessor-version":[{"id":1216,"href":"http:\/\/www.inawohlgemuth.de\/WP-Villa-Altena\/wp-json\/wp\/v2\/pages\/665\/revisions\/1216"}],"up":[{"embeddable":true,"href":"http:\/\/www.inawohlgemuth.de\/WP-Villa-Altena\/wp-json\/wp\/v2\/pages\/2"}],"wp:featuredmedia":[{"embeddable":true,"href":"http:\/\/www.inawohlgemuth.de\/WP-Villa-Altena\/wp-json\/wp\/v2\/media\/1215"}],"wp:attachment":[{"href":"http:\/\/www.inawohlgemuth.de\/WP-Villa-Altena\/wp-json\/wp\/v2\/media?parent=665"}],"curies":[{"name":"wp","href":"https:\/\/api.w.org\/{rel}","templated":true}]}}