{"id":697,"date":"2020-07-07T10:11:00","date_gmt":"2020-07-07T08:11:00","guid":{"rendered":"http:\/\/www.inawohlgemuth.de\/WP-Villa-Altena\/?page_id=697"},"modified":"2020-11-24T12:09:45","modified_gmt":"2020-11-24T11:09:45","slug":"die-lehrer","status":"publish","type":"page","link":"http:\/\/www.inawohlgemuth.de\/WP-Villa-Altena\/die-lehrer\/","title":{"rendered":"Die Lehrer*innen"},"content":{"rendered":"<h2>Pelle Spitz | BASS &#8211;\u00a0<a href=\"http:\/\/www.inawohlgemuth.de\/WP-Villa-Altena\/wp-content\/uploads\/2020\/07\/Pelle-bass6-kl.jpg\"><img loading=\"lazy\" decoding=\"async\" class=\"alignright wp-image-717\" src=\"http:\/\/www.inawohlgemuth.de\/WP-Villa-Altena\/wp-content\/uploads\/2020\/07\/Pelle-bass6-kl.jpg\" alt=\"\" width=\"166\" height=\"244\" \/><\/a>Grundlagen Bass, Rhythmus- und Harmonielehre, Spieltechniken, Improvisation<\/h2>\n<p>Du interessierst dich f\u00fcr Bass und Groove?<br \/>\nDu m\u00f6chtest mit Deinem Bass in einer Band spielen?<br \/>\nDu hast bereits Erfahrung mit Deinem Instrument und m\u00f6chtest Dich jetzt in Spieltechniken wie Wechselschlag und Slappen weiter entwickeln?<\/p>\n<p>Du m\u00f6chtest Dich auf der B\u00fchne nach vorne trauen mit eigenen Improvisationen und spannenden Soli?Dann bist du hier genau richtig.<br \/>\nIch bin 23 Jahre alt, wohne in Altena und spiele neben meinem Beruf als Erzieher seit \u00fcber 15 Jahren E-Bass.<\/p>\n<h2><a href=\"http:\/\/www.inawohlgemuth.de\/WP-Villa-Altena\/wp-content\/uploads\/2020\/07\/Scan-29.05.2020-20.56-Seite-2-scaled.jpg\"><img loading=\"lazy\" decoding=\"async\" class=\"alignleft wp-image-759\" src=\"http:\/\/www.inawohlgemuth.de\/WP-Villa-Altena\/wp-content\/uploads\/2020\/07\/Scan-29.05.2020-20.56-Seite-2-213x300.jpg\" alt=\"\" width=\"143\" height=\"197\" \/><\/a><\/h2>\n<p>Mein musikalischer Werdegang reicht von Big Bands, Cover\/Rock &#8222;Kollektiv Wortrock&#8220; Funk\/Latin\/ &#8222;P&amp;P&#8220;, Singer Songwriter &#8222;Schwieriges Kind&#8220;,\u00a0Jazz &#8222;Bags Groove&#8220; und viele mehr.<br \/>\nZu meinen gr\u00f6\u00dften Vorbildern und Einfl\u00fcssen geh\u00f6ren<br \/>\nBands: Beatles, Red hot chili peppers, Stevie Wonder<br \/>\nSolok\u00fcnstler: Victor Wooten, Federico Malaman, Marcus Miller.\u00a0In dieser Zeit habe ich nicht nur viel B\u00fchnenerfahrungen sammeln, sondern auch verschiedenste Techniken und Stile auf dem Bass entdecken und perfektionieren k\u00f6nnen.<\/p>\n<p><strong>Was ich Dir im Unterricht anbiete:<\/strong><br \/>\nGrundlagen auf dem Bass, Rhythmus &#8211; , Melodie &#8211; und Harmonielehre<br \/>\nSpieltechniken: Wechselschlag, Slapping, Akkorde, improvosieren und solieren.<br \/>\nAuftrittsvorbereitung<\/p>\n<hr \/>\n<h2>Nanuk Spitz | DRUMS- Drum-Programming<\/h2>\n<p><a href=\"http:\/\/www.inawohlgemuth.de\/WP-Villa-Altena\/wp-content\/uploads\/2020\/07\/Nanuk-01.jpg\"><img loading=\"lazy\" decoding=\"async\" class=\"alignright wp-image-720 \" src=\"http:\/\/www.inawohlgemuth.de\/WP-Villa-Altena\/wp-content\/uploads\/2020\/07\/Nanuk-01-1024x683.jpg\" alt=\"\" width=\"252\" height=\"170\" \/><\/a><\/p>\n<p>Schlagzeug hat dich schon immer begeistert? Du f\u00e4ngst gerade erst an, dich mit deinem Instrument vertraut zu machen?<br \/>\nDu spielst schon l\u00e4nger willst dein Spiel aufs n\u00e4chste Level bringen?<br \/>\nDu stehst auf extremen Metal, spielst vielleicht schon in Bands und willst dich fit f\u00fcr die B\u00fchne\/eine Tour machen?<\/p>\n<p>Dann bist du bei mir genau richtig! Ich biete personalisierte \u00dcbe-Konzepte, ob kleinschrittig oder Themen-\u00fcbergreifend f\u00fcr klein und gro\u00df an.<br \/>\nInteresse geweckt?<\/p>\n<p>Ergonomie am Instrument (K\u00f6rperhaltung, Set-Aufbau)<br \/>\nHandhaltung und Fingertechniken (Push-Pull, Moeller, German-Grip, French-Grip)<br \/>\nFu\u00dftechniken &amp; Spiel mit Doppelfu\u00dfmaschine (Heel-Up, Heel-Down, Heel-Toe, Slide-Technik)<br \/>\nErlernen von Notensystem und Rudiments<br \/>\nKlang und Stimmung des Intruments (Genre-typische Sounds und Techniken in Pop, Rock&amp;Metal)<br \/>\nSong-Analytik &amp; Leadsheet Writing<br \/>\nLive-Performance (\u00dcbe-Routinen und Konzepte, B\u00fchnen- und Tour-Vorbereitung)<\/p>\n<hr \/>\n<h2>Ina Wohlgemuth | Gesang, Stimmentwicklung und Lampenfieberlabor<\/h2>\n<p><img loading=\"lazy\" decoding=\"async\" class=\"alignright wp-image-741\" src=\"http:\/\/www.inawohlgemuth.de\/WP-Villa-Altena\/wp-content\/uploads\/2020\/07\/Ina4-300x286.jpg\" alt=\"\" width=\"234\" height=\"223\" srcset=\"http:\/\/www.inawohlgemuth.de\/WP-Villa-Altena\/wp-content\/uploads\/2020\/07\/Ina4-300x286.jpg 300w, http:\/\/www.inawohlgemuth.de\/WP-Villa-Altena\/wp-content\/uploads\/2020\/07\/Ina4-315x300.jpg 315w, http:\/\/www.inawohlgemuth.de\/WP-Villa-Altena\/wp-content\/uploads\/2020\/07\/Ina4.jpg 603w\" sizes=\"auto, (max-width: 234px) 100vw, 234px\" \/><\/p>\n<div class=\"page\" title=\"Page 1\">\n<div class=\"layoutArea\">\n<div class=\"column\">\n<p>Du singst gerne, aber bisher nur unter der Dusche?<br \/>\nDu singst schon au\u00dferhalb der Dusche, m\u00f6chtest Deiner Stimme aber mehr Klang, Volumen und eine sichere Intonation geben?<br \/>\nDu bist bereits als S\u00e4ngerIn unterwegs und willst an Deinem Stimmumfang, Deiner B\u00fchnenpr\u00e4senz und an Deinem Lampenfieber arbeiten?<br \/>\nDu m\u00f6chtest etwas tun gegen Stimmbandprobleme, Heiserkeiten und lernen, wie Du Deine Stimme pflegst und entwickelst?<br \/>\nDu bist im Grunde rundherum zufrieden mit Deiner Stimme und m\u00f6chtest gerne f\u00fcr Dich eine Orientierung f\u00fcr Deine musikalische Entwicklung bekommen?<\/p>\n<p>Dann bist Du richtig hier bei mir. Als b\u00fchnenerfahrene S\u00e4ngerin, ausgebildete Stimmcoach und Psychologin begleite ich Dich auf Deiner Entdeckungsreise zu Deinem wunderbaren Instrument, Deiner Stimme. Die Stimme ist als menschliches Organ untrennbar mit unserer \u201eStimmung\u201c, unserem Denken und F\u00fchlen verbunden. Daher geh\u00f6ren f\u00fcr mich Stimmbildung und stimmtherapeutische Hilfestellungen zusammen. Wenn Du lernst, Deine eigene Stimme zu entdecken und sie frei schwingen zu lassen, hast Du viel \u00fcber Dich und Deinen guten Umgang mit Dir selbst gelernt. Dies ist die Basis f\u00fcr alle musikalischen Richtungen, in die Du Dich m\u00f6glicherweise entwickeln willst.<\/p>\n<\/div>\n<\/div>\n<\/div>\n<p><span style=\"font-family: Verdana, sans-serif;\"><b>Lehrinhalte<\/b><\/span><\/p>\n<ul>\n<li><span style=\"font-family: Verdana, sans-serif;\">Geh\u00f6r- und Stimmbildung<\/span><\/li>\n<li><span style=\"font-family: Verdana, sans-serif;\">Intonation<\/span><\/li>\n<li><span style=\"font-family: Verdana, sans-serif;\">Atemtechniken<\/span><\/li>\n<li><span style=\"font-family: Verdana, sans-serif;\">Stimmentwicklung auf Basis der funktionalen Stimmtherapie<\/span><\/li>\n<li><span style=\"font-family: Verdana, sans-serif;\">Volumen- und Resonanzentwicklung<\/span><\/li>\n<li><span style=\"font-family: Verdana, sans-serif;\">Stimmpflege und Hilfe bei Stimmbandproblemen<\/span><\/li>\n<li><span style=\"font-family: Verdana, sans-serif;\">Pr\u00e4senz und Souver\u00e4nit\u00e4t auf der B\u00fchne<\/span><\/li>\n<li><span style=\"font-family: Verdana, sans-serif;\">Jazz-, Pop- und Rockgesang<\/span><\/li>\n<li><span style=\"font-family: Verdana, sans-serif;\">Klassischer Gesang <\/span><\/li>\n<li><span style=\"font-family: Verdana, sans-serif;\">Orientierungshilfe als S\u00e4nger und S\u00e4ngerin <\/span><\/li>\n<\/ul>\n<p><span style=\"font-family: Verdana, sans-serif;\"><span style=\"font-family: Verdana, sans-serif;\">Vorbereitung auf Konzerte, Pr\u00fcfungen<\/span><\/span><\/p>\n<hr \/>\n<h2>Ziggy Horn | E-Gitarre, Akustikgitarre, klassische Gitarre, Harmonielehre, Geh\u00f6rbildung, Improvisation<\/h2>\n<p><img loading=\"lazy\" decoding=\"async\" class=\"alignright size-medium wp-image-743\" src=\"http:\/\/www.inawohlgemuth.de\/WP-Villa-Altena\/wp-content\/uploads\/2020\/07\/Ziggy-5-300x200.jpg\" alt=\"\" width=\"300\" height=\"200\" srcset=\"http:\/\/www.inawohlgemuth.de\/WP-Villa-Altena\/wp-content\/uploads\/2020\/07\/Ziggy-5-300x200.jpg 300w, http:\/\/www.inawohlgemuth.de\/WP-Villa-Altena\/wp-content\/uploads\/2020\/07\/Ziggy-5-1024x683.jpg 1024w, http:\/\/www.inawohlgemuth.de\/WP-Villa-Altena\/wp-content\/uploads\/2020\/07\/Ziggy-5-768x512.jpg 768w, http:\/\/www.inawohlgemuth.de\/WP-Villa-Altena\/wp-content\/uploads\/2020\/07\/Ziggy-5-1536x1024.jpg 1536w, http:\/\/www.inawohlgemuth.de\/WP-Villa-Altena\/wp-content\/uploads\/2020\/07\/Ziggy-5-2048x1365.jpg 2048w, http:\/\/www.inawohlgemuth.de\/WP-Villa-Altena\/wp-content\/uploads\/2020\/07\/Ziggy-5-450x300.jpg 450w\" sizes=\"auto, (max-width: 300px) 100vw, 300px\" \/><\/p>\n<div class=\"page\" title=\"Page 1\">\n<div class=\"layoutArea\">\n<div class=\"column\">\n<p>Du suchst einen professionellen, kompetenten und netten Gitarrenlehrer <strong>mit viel Erfahrung<\/strong> im Unterrichten und Live auf der B\u00fchne?<br \/>\nNeben dem Lernen ist der Spa\u00df am Musizieren das Wichtigste um die Motivation hochzuhalten. F\u00fcr Anf\u00e4nger, Fortgeschrittene oder Wiedereinsteiger \u2013 mein Unterricht wird immer auf die speziellen <strong>Bed\u00fcrfnisse und F\u00e4higkeiten des Sch\u00fclers<\/strong> abgestimmt. Von <strong>Rock\/Pop<\/strong> \u00fcber <strong>Funk<\/strong> und <strong>Blues<\/strong> bis hin zum <strong>Jazz<\/strong> sind dem Unterricht keine<img loading=\"lazy\" decoding=\"async\" class=\"size-medium wp-image-744 alignleft\" src=\"http:\/\/www.inawohlgemuth.de\/WP-Villa-Altena\/wp-content\/uploads\/2020\/07\/Ziggy1-300x200.jpg\" alt=\"\" width=\"300\" height=\"200\" srcset=\"http:\/\/www.inawohlgemuth.de\/WP-Villa-Altena\/wp-content\/uploads\/2020\/07\/Ziggy1-300x200.jpg 300w, http:\/\/www.inawohlgemuth.de\/WP-Villa-Altena\/wp-content\/uploads\/2020\/07\/Ziggy1-1024x683.jpg 1024w, http:\/\/www.inawohlgemuth.de\/WP-Villa-Altena\/wp-content\/uploads\/2020\/07\/Ziggy1-768x512.jpg 768w, http:\/\/www.inawohlgemuth.de\/WP-Villa-Altena\/wp-content\/uploads\/2020\/07\/Ziggy1-1536x1024.jpg 1536w, http:\/\/www.inawohlgemuth.de\/WP-Villa-Altena\/wp-content\/uploads\/2020\/07\/Ziggy1-2048x1365.jpg 2048w, http:\/\/www.inawohlgemuth.de\/WP-Villa-Altena\/wp-content\/uploads\/2020\/07\/Ziggy1-450x300.jpg 450w\" sizes=\"auto, (max-width: 300px) 100vw, 300px\" \/> Grenzen gesetzt. Je nach Wunsch mit Noten oder ohne Noten! Im Laufe meiner langj\u00e4hrigen Lehrt\u00e4tigkeit als Gitarrenlehrer und Dozent f\u00fcr klassische Gitarre und E-Gitarre habe ich f\u00fcr meine Sch\u00fcler und Studenten umfangreiches <strong>Lehrmaterial\u00a0<\/strong>entwickelt und geschrieben, das ich gerne zu Verf\u00fcgung stelle.<\/p>\n<hr \/>\n<h2>Nazim Hamit | Klavier (klassisch), Elektronische Musikkomposition<\/h2>\n<p><img loading=\"lazy\" decoding=\"async\" class=\"alignright wp-image-745\" src=\"http:\/\/www.inawohlgemuth.de\/WP-Villa-Altena\/wp-content\/uploads\/2020\/07\/WhatsApp-Image-2020-07-06-at-08.22.37-300x217.jpg\" alt=\"\" width=\"311\" height=\"228\" \/><\/p>\n<div class=\"page\" title=\"Page 1\">\n<div class=\"layoutArea\">\n<div class=\"column\">\n<p>Du m\u00f6chtest gerne wundersch\u00f6ne Klassiker auf dem Klavier spielen k\u00f6nnen? Oder m\u00f6chtest Du, ganz weit von konzertanter Klassik entfernt, lernen, wie Du Deine eigene Musik elektronische komponieren kannst? Als studierter Pianist und leidenschaftlicher Elektro-Komponist stelle ich mich in meinem Unterricht auf Deine Interessen ein &#8211; von der Klassik bis zur Moderne!<\/p>\n<\/div>\n<hr \/>\n<h2>Adelina Malms | Geige (klassisch)<\/h2>\n<p><img loading=\"lazy\" decoding=\"async\" class=\"alignright size-medium wp-image-750\" src=\"http:\/\/www.inawohlgemuth.de\/WP-Villa-Altena\/wp-content\/uploads\/2020\/07\/WhatsApp-Image-2020-06-26-at-11.40.54-214x300.jpeg\" alt=\"\" width=\"214\" height=\"300\" srcset=\"http:\/\/www.inawohlgemuth.de\/WP-Villa-Altena\/wp-content\/uploads\/2020\/07\/WhatsApp-Image-2020-06-26-at-11.40.54-214x300.jpeg 214w, http:\/\/www.inawohlgemuth.de\/WP-Villa-Altena\/wp-content\/uploads\/2020\/07\/WhatsApp-Image-2020-06-26-at-11.40.54-732x1024.jpeg 732w, http:\/\/www.inawohlgemuth.de\/WP-Villa-Altena\/wp-content\/uploads\/2020\/07\/WhatsApp-Image-2020-06-26-at-11.40.54-768x1075.jpeg 768w, http:\/\/www.inawohlgemuth.de\/WP-Villa-Altena\/wp-content\/uploads\/2020\/07\/WhatsApp-Image-2020-06-26-at-11.40.54.jpeg 1012w\" sizes=\"auto, (max-width: 214px) 100vw, 214px\" \/><\/p>\n<div class=\"page\" title=\"Page 1\">\n<div class=\"layoutArea\">\n<div class=\"column\">\n<div class=\"page\" title=\"Page 1\">\n<div class=\"layoutArea\">\n<div class=\"column\">\n<p>Du m\u00f6chtest gerne Geige lernen oder wieder nach langer Zeit anfangen ?<br \/>\nDann bist du bei mir ganz richtig!<br \/>\nIch unterrichte Anf\u00e4nger und auch Wiedereinsteiger im klassischen Geigenunterricht.<br \/>\nGemeinsam lernen wir Noten lesen und somit erste klassische St\u00fccke spielen. Auch Harmonielehre und die richtige Haltung wird hier nicht zu kurz kommen, sowie der Spass im Unterricht, am Lernen und der Musik.<br \/>\nIch freue mich auf Dich !<\/p>\n<\/div>\n<\/div>\n<\/div>\n<\/div>\n<\/div>\n<\/div>\n<\/div>\n<\/div>\n<\/div>\n<\/div>\n<\/div>\n","protected":false},"excerpt":{"rendered":"<p>Pelle Spitz | BASS &#8211;\u00a0Grundlagen Bass, Rhythmus- und Harmonielehre, Spieltechniken, Improvisation Du interessierst dich f\u00fcr Bass und Groove? Du m\u00f6chtest mit Deinem Bass in einer Band spielen? Du hast bereits Erfahrung mit Deinem Instrument und m\u00f6chtest Dich jetzt in Spieltechniken &hellip; <a href=\"http:\/\/www.inawohlgemuth.de\/WP-Villa-Altena\/die-lehrer\/\">Weiterlesen <span class=\"meta-nav\">&rarr;<\/span><\/a><\/p>\n","protected":false},"author":2,"featured_media":0,"parent":0,"menu_order":0,"comment_status":"closed","ping_status":"closed","template":"sidebar-page.php","meta":{"footnotes":""},"class_list":["post-697","page","type-page","status-publish","hentry"],"_links":{"self":[{"href":"http:\/\/www.inawohlgemuth.de\/WP-Villa-Altena\/wp-json\/wp\/v2\/pages\/697","targetHints":{"allow":["GET"]}}],"collection":[{"href":"http:\/\/www.inawohlgemuth.de\/WP-Villa-Altena\/wp-json\/wp\/v2\/pages"}],"about":[{"href":"http:\/\/www.inawohlgemuth.de\/WP-Villa-Altena\/wp-json\/wp\/v2\/types\/page"}],"author":[{"embeddable":true,"href":"http:\/\/www.inawohlgemuth.de\/WP-Villa-Altena\/wp-json\/wp\/v2\/users\/2"}],"replies":[{"embeddable":true,"href":"http:\/\/www.inawohlgemuth.de\/WP-Villa-Altena\/wp-json\/wp\/v2\/comments?post=697"}],"version-history":[{"count":18,"href":"http:\/\/www.inawohlgemuth.de\/WP-Villa-Altena\/wp-json\/wp\/v2\/pages\/697\/revisions"}],"predecessor-version":[{"id":815,"href":"http:\/\/www.inawohlgemuth.de\/WP-Villa-Altena\/wp-json\/wp\/v2\/pages\/697\/revisions\/815"}],"wp:attachment":[{"href":"http:\/\/www.inawohlgemuth.de\/WP-Villa-Altena\/wp-json\/wp\/v2\/media?parent=697"}],"curies":[{"name":"wp","href":"https:\/\/api.w.org\/{rel}","templated":true}]}}