{"id":700,"date":"2020-07-07T10:11:16","date_gmt":"2020-07-07T08:11:16","guid":{"rendered":"http:\/\/www.inawohlgemuth.de\/WP-Villa-Altena\/?page_id=700"},"modified":"2020-11-24T12:17:38","modified_gmt":"2020-11-24T11:17:38","slug":"gebuehren","status":"publish","type":"page","link":"http:\/\/www.inawohlgemuth.de\/WP-Villa-Altena\/gebuehren\/","title":{"rendered":"Geb\u00fchren"},"content":{"rendered":"<p><span style=\"font-family: Verdana, sans-serif;\"><span style=\"font-size: large;\"><b>Kurspreise\u00a0<\/b><\/span><\/span><br \/>\nJe nach Instrument, Alter und Vorerfahrung empfehlen wir unterschiedlich lange Unterrichtseinheiten. Sprecht uns an,<br \/>\n30 min Einzelunterricht w\u00f6chentlich: 69,00 \u20ac \/monatl. (828,00 \u20ac Jahresbeitrag)<br \/>\n45 min Einzelunterricht w\u00f6chentlich: 89,00 \u20ac \/monatl. (1068,00 \u20ac Jahresbeitrag)<br \/>\n60 min Einzelunterricht w\u00f6chentlich: 109,00 \u20ac \/monatl. (1308,00 \u20ac Jahresbeitrag<\/p>\n<p><span style=\"font-family: Verdana, sans-serif;\"><span style=\"font-size: large;\"><span style=\"color: #000000;\">Es gibt keine Knebelvertr\u00e4ge!<\/span><\/span><\/span><\/p>\n<ul>\n<li><span style=\"font-family: Verdana, sans-serif;\"><span style=\"font-size: small;\">Der Unterricht findet regelm\u00e4\u00dfig 1 mal w\u00f6chentlich statt.<\/span><\/span><\/li>\n<li><span style=\"font-family: Verdana, sans-serif;\"><span style=\"font-size: small;\">Der Unterricht ist an die <\/span><\/span><span style=\"color: #d8bc31;\"><span style=\"font-family: Verdana, sans-serif;\"><span style=\"font-size: small;\"><a href=\"https:\/\/www.schulferien.org\/NRW\/nrw.html\">Ferienordnung von NRW<\/a> <\/span><\/span><\/span><span style=\"font-family: Verdana, sans-serif;\"><span style=\"font-size: small;\">gebunden.<\/span><\/span><\/li>\n<li><span style=\"font-family: Verdana, sans-serif;\"><span style=\"font-size: small;\">An gesetzlichen Feiertagen und in den Ferien f\u00fcr allgemeinbildende Schulen findet kein Unterricht statt.<\/span><\/span><\/li>\n<li><span style=\"font-family: Verdana, sans-serif;\"><span style=\"font-size: small;\">Die Unterrichtsgeb\u00fchren verstehen sich als 1\/12 einer\u00a0Jahresgeb\u00fchr, ohne dass sich der Sch\u00fcler vertraglich f\u00fcr ein Jahr binden muss. Sie wird in 12 gleichen Monatsraten berechnet, ist an jedem 1. des Monats f\u00e4llig und wird als Dauerauftrag auf das von uns genannte Konto \u00fcberwiesen.<\/span><\/span><\/li>\n<li><span style=\"font-family: Verdana, sans-serif;\"><span style=\"font-size: small;\">K\u00fcndigungen sind zu jedem Quartalsende m\u00f6glich.<\/span><\/span><\/li>\n<\/ul>\n<p><em><span style=\"font-family: Verdana, sans-serif;\"><span style=\"font-size: small;\"><i><img loading=\"lazy\" decoding=\"async\" class=\"alignright\" style=\"margin-top: 0.4em; color: #cccccc;\" src=\"https:\/\/xn--gitarrenunterricht-frndenberg-05c.de\/wp-content\/uploads\/2020\/02\/euros-05-300x172.jpg\" alt=\"\" width=\"153\" height=\"90\" name=\"Grafik1\" align=\"RIGHT\" border=\"1\" \/>Wi<\/i><\/span><\/span><\/em><em><span style=\"font-family: Verdana, sans-serif;\"><span style=\"font-size: small;\"><i>e\u00a0 bei den privaten und\u00a0 st\u00e4dtischen Musikschulen \u00fcblich, sind unsere Preise so kalkuliert, da\u00df sie ganzj\u00e4hrig zu entrichten sind, also auch w\u00e4hrend der SCHULFERIEN, die aber auch bei uns unterrichtsfrei sind. Wir bitten dies zu beachten! W\u00fcrde die Ferienzeit nicht durchbezahlt, m\u00fcssten wir wesentlich h\u00f6here Preise f\u00fcr die Einzelstunden berechnen<\/i><\/span><\/span><\/em><span style=\"font-family: Verdana, sans-serif;\"><span style=\"font-size: small;\"><i>.<\/i><\/span><\/span><\/p>\n<p><span style=\"font-family: Verdana, sans-serif;\"><span style=\"font-size: large;\"><b>Paketpreise<\/b><\/span><\/span><\/p>\n<p>Wer Unterricht lieber variabel planen und gezielte Hilfestellungen, Anleitungen \u00fcber einen begrenzten Zeitraum in Anspruch nehmen m\u00f6chte, kann auf unser Paketangebot zur\u00fcckgreifen. Hier gibt es Paketgutscheine f\u00fcr 4 bis 8 Unterrichtseinheiten von 30 bis 60 Minuten.<\/p>\n<div class=\"su-note\"  style=\"border-color:#d8d6d6;border-radius:10px;-moz-border-radius:10px;-webkit-border-radius:10px;\"><div class=\"su-note-inner su-u-clearfix su-u-trim\" style=\"background-color:#f2f0f0;border-color:#ffffff;color:#333333;border-radius:10px;-moz-border-radius:10px;-webkit-border-radius:10px;\">\nvier x 30 min: 78,00 \u20ac<br \/>\nacht x 30 min: 148,00 \u20ac<\/p>\n<p>vier x 45 min: 117,00 \u20ac<br \/>\nacht x 45 min: 222,00 \u20ac<\/p>\n<p>vier x 60 min: 156,00 \u20ac<br \/>\nacht x 60 min: 296,00 \u20ac<br \/>\n<\/div><\/div>\n<p><strong><span style=\"font-family: Open Sans, sans-serif;\"><span style=\"font-size: medium;\">Orientierungsstunde<\/span><\/span><\/strong><\/p>\n<p><span style=\"font-family: Open Sans, sans-serif;\"><span style=\"font-size: medium;\">Die Entscheidung, ein Instrument zu erlernen, ist auch eine Entscheidung, sich auf den Weg zu begeben. Dein Lehrer, Deine Lehrerin sind hierbei wichtige Begleiter. Finde heraus, ob es Dein Instrument ist, wo Deine Neigungen liegen und wer Dein richtiger Begleiter, Deine Begleiterin sein soll. In einer ersten \u201eOrientierungsstunde\u201c nehmen wir uns Zeit, uns kennenzulernen, Vorerfahrungen, Erwartungen, m\u00f6glicherweise vorhandene Materialien, Equipment zu sondieren und den weiteren Weg miteinander abzustecken.<\/span><\/span><\/p>\n<p><span style=\"font-family: Open Sans, sans-serif;\"><span style=\"font-size: medium;\">Eine Orientierungsstunde ist f\u00fcr uns eine intensive Kontaktaufnahme, die wir gewissenhaft vor- und nachbereiten. Wir geben unseren interessierten Sch\u00fcler*innen ein Feedback zu ihrem Entwicklungsstand, ihren Erwartungen und bereiten mit ihnen gemeinsam die n\u00e4chsten Schritte vor. Weil wir von Anfang an mit Euch arbeiten und Euch bereits in dieser Stunde wichtige R\u00fcckmeldungen mit auf den Weg geben, erheben wir f\u00fcr die Orientierungsstunde eine einmalige Geb\u00fchr von 25,00 \u20ac<\/span><\/span><\/p>\n<p>&nbsp;<\/p>\n","protected":false},"excerpt":{"rendered":"<p>Kurspreise\u00a0 Je nach Instrument, Alter und Vorerfahrung empfehlen wir unterschiedlich lange Unterrichtseinheiten. Sprecht uns an, 30 min Einzelunterricht w\u00f6chentlich: 69,00 \u20ac \/monatl. (828,00 \u20ac Jahresbeitrag) 45 min Einzelunterricht w\u00f6chentlich: 89,00 \u20ac \/monatl. (1068,00 \u20ac Jahresbeitrag) 60 min Einzelunterricht w\u00f6chentlich: 109,00 &hellip; <a href=\"http:\/\/www.inawohlgemuth.de\/WP-Villa-Altena\/gebuehren\/\">Weiterlesen <span class=\"meta-nav\">&rarr;<\/span><\/a><\/p>\n","protected":false},"author":2,"featured_media":0,"parent":0,"menu_order":0,"comment_status":"closed","ping_status":"closed","template":"sidebar-page.php","meta":{"footnotes":""},"class_list":["post-700","page","type-page","status-publish","hentry"],"_links":{"self":[{"href":"http:\/\/www.inawohlgemuth.de\/WP-Villa-Altena\/wp-json\/wp\/v2\/pages\/700","targetHints":{"allow":["GET"]}}],"collection":[{"href":"http:\/\/www.inawohlgemuth.de\/WP-Villa-Altena\/wp-json\/wp\/v2\/pages"}],"about":[{"href":"http:\/\/www.inawohlgemuth.de\/WP-Villa-Altena\/wp-json\/wp\/v2\/types\/page"}],"author":[{"embeddable":true,"href":"http:\/\/www.inawohlgemuth.de\/WP-Villa-Altena\/wp-json\/wp\/v2\/users\/2"}],"replies":[{"embeddable":true,"href":"http:\/\/www.inawohlgemuth.de\/WP-Villa-Altena\/wp-json\/wp\/v2\/comments?post=700"}],"version-history":[{"count":14,"href":"http:\/\/www.inawohlgemuth.de\/WP-Villa-Altena\/wp-json\/wp\/v2\/pages\/700\/revisions"}],"predecessor-version":[{"id":820,"href":"http:\/\/www.inawohlgemuth.de\/WP-Villa-Altena\/wp-json\/wp\/v2\/pages\/700\/revisions\/820"}],"wp:attachment":[{"href":"http:\/\/www.inawohlgemuth.de\/WP-Villa-Altena\/wp-json\/wp\/v2\/media?parent=700"}],"curies":[{"name":"wp","href":"https:\/\/api.w.org\/{rel}","templated":true}]}}